{"id":134,"date":"2023-05-15T22:00:55","date_gmt":"2023-05-16T04:00:55","guid":{"rendered":"https:\/\/www.granjafoster.com\/?page_id=134"},"modified":"2025-01-30T10:00:50","modified_gmt":"2025-01-30T16:00:50","slug":"visitar","status":"publish","type":"page","link":"https:\/\/www.granjafoster.com\/es_GT\/visitar\/","title":{"rendered":"Visitar"},"content":{"rendered":"<div class=\"color1-background-color bg-background-color tmpl-call_to_action-5 boldgrid-section dynamic-gridblock background-parallax\" style=\"color: #1d1d1d; background-position: 50% 50%; background-size: cover; background-image: linear-gradient(rgba(246, 198, 0, 0.8), rgba(246, 198, 0, 0.8)), url('https:\/\/www.granjafoster.com\/wp-content\/uploads\/2023\/05\/ixlibrb-0.3.5q80fmjpgcropentropycstinysrgbw1600h900fitcropsab3d72fa3f5290642b26d544a45ed996.jpg');\" data-bg-overlaycolor=\"rgba(246, 198, 0, 0.8)\" data-image-url=\"https:\/\/www.granjafoster.com\/wp-content\/uploads\/2023\/05\/ixlibrb-0.3.5q80fmjpgcropentropycstinysrgbw1600h900fitcropsab3d72fa3f5290642b26d544a45ed996.jpg\">\n<div class=\"container\">\n<div class=\"row\" style=\"padding-top: 50px; padding-bottom: 50px;\">\n<div class=\"col-md-8 col-sm-8 col-xs-12 col-lg-8\">\n<div class=\"bg-box\">\n<h1 class=\"color3-color\" style=\"font-size: 4em;\"><span style=\"color: #ffffff;\">Visita de Dia o Acampar<\/span><\/h1>\n<div class=\"row bg-editor-hr-wrap\">\n<div class=\"col-lg-12 col-md-12 col-xs-12 col-sm-12\">\n<hr class=\"bg-hr\" style=\"border: 2px solid; margin-left: 0px;\" width=\"100%\">\n<\/div>\n<\/div>\n<p class=\"\" style=\"margin: 30px auto;\">Vis\u00edtanos por una tarde agradable o ven a acampar. Goza de un ambiente \u00fanico: Un ba\u00f1o de vapor en nuestro Temazcal, un masaje, siente lo indescriptible al estar bajo la cascada de la gruta los deseos. Hay actividades para toda la familia, desde cuidado especial para los bebes hasta personas de la tercera edad. Recuerda que en granja los Foster estamos para servirte y para hacer de tu estancia un tiempo de calidad al lado de tu familia,&nbsp;<\/p>\n<p class=\"\"><img loading=\"lazy\" decoding=\"async\" class=\"alignnone size-medium wp-image-352\" src=\"https:\/\/www.granjafoster.com\/wp-content\/uploads\/2025\/01\/30-enero-300x225.jpg\" alt=\"\" width=\"300\" height=\"225\" srcset=\"https:\/\/www.granjafoster.com\/wp-content\/uploads\/2025\/01\/30-enero-300x225.jpg 300w, https:\/\/www.granjafoster.com\/wp-content\/uploads\/2025\/01\/30-enero-768x576.jpg 768w, https:\/\/www.granjafoster.com\/wp-content\/uploads\/2025\/01\/30-enero-16x12.jpg 16w, https:\/\/www.granjafoster.com\/wp-content\/uploads\/2025\/01\/30-enero-250x188.jpg 250w, https:\/\/www.granjafoster.com\/wp-content\/uploads\/2025\/01\/30-enero-550x413.jpg 550w, https:\/\/www.granjafoster.com\/wp-content\/uploads\/2025\/01\/30-enero-800x600.jpg 800w, https:\/\/www.granjafoster.com\/wp-content\/uploads\/2025\/01\/30-enero-240x180.jpg 240w, https:\/\/www.granjafoster.com\/wp-content\/uploads\/2025\/01\/30-enero-400x300.jpg 400w, https:\/\/www.granjafoster.com\/wp-content\/uploads\/2025\/01\/30-enero-667x500.jpg 667w, https:\/\/www.granjafoster.com\/wp-content\/uploads\/2025\/01\/30-enero.jpg 960w\" sizes=\"auto, (max-width: 300px) 100vw, 300px\" \/><img loading=\"lazy\" decoding=\"async\" class=\"alignnone size-medium wp-image-351\" src=\"https:\/\/www.granjafoster.com\/wp-content\/uploads\/2025\/01\/30-enero-2-300x225.jpg\" alt=\"\" width=\"300\" height=\"225\" srcset=\"https:\/\/www.granjafoster.com\/wp-content\/uploads\/2025\/01\/30-enero-2-300x225.jpg 300w, https:\/\/www.granjafoster.com\/wp-content\/uploads\/2025\/01\/30-enero-2-768x576.jpg 768w, https:\/\/www.granjafoster.com\/wp-content\/uploads\/2025\/01\/30-enero-2-16x12.jpg 16w, https:\/\/www.granjafoster.com\/wp-content\/uploads\/2025\/01\/30-enero-2-250x188.jpg 250w, https:\/\/www.granjafoster.com\/wp-content\/uploads\/2025\/01\/30-enero-2-550x413.jpg 550w, https:\/\/www.granjafoster.com\/wp-content\/uploads\/2025\/01\/30-enero-2-800x600.jpg 800w, https:\/\/www.granjafoster.com\/wp-content\/uploads\/2025\/01\/30-enero-2-240x180.jpg 240w, https:\/\/www.granjafoster.com\/wp-content\/uploads\/2025\/01\/30-enero-2-400x300.jpg 400w, https:\/\/www.granjafoster.com\/wp-content\/uploads\/2025\/01\/30-enero-2-667x500.jpg 667w, https:\/\/www.granjafoster.com\/wp-content\/uploads\/2025\/01\/30-enero-2.jpg 960w\" sizes=\"auto, (max-width: 300px) 100vw, 300px\" \/><\/p>\n<p class=\"\">&nbsp;Reservar&nbsp;<\/p>\n<p class=\"\"><a class=\"btn-color-3 btn btn-uppercase btn-rounded btn-3d btn-jumbo\" href=\"https:\/\/www.granjafoster.com\/es_GT\/reservacions\/\" target=\"_blank\" rel=\"noopener\">RESERVAR<\/a><\/p>\n<\/div>\n<\/div>\n<div class=\"col-md-4 col-sm-4 col-xs-12 col-lg-4\"><\/div>\n<\/div>\n<\/div>\n<\/div>\n<div class=\"color5-background-color color-5-text-contrast bg-background-color tmpl-blog-13 boldgrid-section dynamic-gridblock\">\n<div class=\"container\">\n<div class=\"row\">\n<div class=\"col-md-5 col-sm-12 col-xs-12 col-lg-5\">\n<h2 class=\"color3-color\"><span style=\"color: #ffcc00;\">Areas de Acampar<\/span><\/h2>\n<p class=\"\">Un lugar donde sentir\u00e1s que la naturaleza y tu son uno mismo \u2026en el \u00e1rea encuentras :<br \/>\nCasa de campa\u00f1a ( o tambi\u00e9n caba\u00f1a en el \u00e1rea de glamping )<br \/>\nBancas r\u00fasticas de madera<br \/>\nChurrasquera para cocinar tu propio churrasco<br \/>\n\u00c1rea para fogata<br \/>\nHamacas<br \/>\n\u00c1rea de juegos y m\u00e1s \u2026.<\/p>\n<\/div>\n<div class=\"col-md-7 col-sm-12 col-xs-12 col-lg-7\">\n<div class=\"bg-box\">\n<p class=\"\" style=\"margin-bottom: 25px;\"><img loading=\"lazy\" decoding=\"async\" class=\"bg-img alignnone wp-image-202 size-medium\" src=\"https:\/\/www.granjafoster.com\/wp-content\/uploads\/2023\/05\/167_0_458_285.86985391766_IMG_20230318_092434-1024x470.jpg\" alt=\"Flat area outdoors with tent and hammocks\" width=\"458\" height=\"285\"><\/p>\n<blockquote class=\"color4-color bg-blockquote\"><p>\u00danete a la naturaleza<\/p><\/blockquote>\n<\/div>\n<\/div>\n<\/div>\n<\/div>\n<\/div>\n<div class=\"color5-background-color color-5-text-contrast bg-background-color tmpl-blog-13 boldgrid-section dynamic-gridblock\">\n<div class=\"container\">\n<div class=\"row color2-background-color color-2-text-contrast bg-background-color\">\n<div class=\"col-md-5 col-sm-12 col-xs-12 col-lg-5\">\n<h2 class=\"color3-color\"><span style=\"color: #ffcc00;\">Spa<\/span><\/h2>\n<p class=\"\">Disfruta del temazcal, un lugar especial para desintoxicar tu cuerpo. Mente y alma, as\u00ed mismo para recargarte de energ\u00edas positivas.<br \/>\nSala de masajes,<br \/>\nCraneal<br \/>\nFacial<br \/>\nAbdominal<br \/>\nCorporal<br \/>\nAlineaci\u00f3n de chacras<br \/>\nMedita en nuestra gruta de los deseos y descarga tu energ\u00eda negativa al hacer contacto con la terra nostra.<\/p>\n<\/div>\n<div class=\"col-md-7 col-sm-12 col-xs-12 col-lg-7\">\n<div class=\"bg-box\">\n<p class=\"\" style=\"margin-bottom: 25px;\"><img loading=\"lazy\" decoding=\"async\" class=\"bg-img alignnone wp-image-210 \" src=\"https:\/\/www.granjafoster.com\/wp-content\/uploads\/2023\/05\/0_47_229_143_gruta.png\" alt=\"\" width=\"457\" height=\"285\"><\/p>\n<blockquote class=\"color4-color bg-blockquote\"><p>Rec\u00e1rgate de vida \u2026<\/p><\/blockquote>\n<\/div>\n<\/div>\n<\/div>\n<\/div>\n<\/div>\n<div class=\"color5-background-color color-5-text-contrast bg-background-color tmpl-blog-13 boldgrid-section dynamic-gridblock\">\n<div class=\"container\">\n<div class=\"row\">\n<div class=\"col-md-5 col-sm-12 col-xs-12 col-lg-5\">\n<h2 class=\"color3-color\"><span style=\"color: #ffcc00;\">Laberinto<\/span><\/h2>\n<p class=\"\">Pi\u00e9rdete por un momento en nuestro laberinto, medita caminando y dejando volar tus pensamientos , dejando a un lado tu ansiedad .<br \/>\nrecupera tu equilibrio emocional, mejora tu creatividad. En cada paso practica la introspecci\u00f3n, la autorreflexi\u00f3n para obtener al final del camino la recompensa que has esperado \u2026<\/p>\n<\/div>\n<div class=\"col-md-7 col-sm-12 col-xs-12 col-lg-7\">\n<div class=\"bg-box\">\n<p class=\"\" style=\"margin-bottom: 25px;\"><img loading=\"lazy\" decoding=\"async\" class=\"bg-img alignnone wp-image-208 \" src=\"https:\/\/www.granjafoster.com\/wp-content\/uploads\/2023\/05\/0_0_200_192_labyrinth-2.png.jpeg\" alt=\"\" width=\"249\" height=\"239\" srcset=\"https:\/\/www.granjafoster.com\/wp-content\/uploads\/2023\/05\/labyrinth-2.png.jpeg 200w, https:\/\/www.granjafoster.com\/wp-content\/uploads\/2023\/05\/labyrinth-2.png-13x12.jpeg 13w, https:\/\/www.granjafoster.com\/wp-content\/uploads\/2023\/05\/labyrinth-2.png-188x180.jpeg 188w\" sizes=\"auto, (max-width: 249px) 100vw, 249px\" \/><\/p>\n<blockquote class=\"color4-color bg-blockquote\"><p>Encu\u00e9ntrate a ti mismo \u2026.<\/p><\/blockquote>\n<\/div>\n<\/div>\n<\/div>\n<\/div>\n<\/div>\n<div class=\"color5-background-color color-5-text-contrast bg-background-color tmpl-blog-13 boldgrid-section dynamic-gridblock\">\n<div class=\"container\">\n<div class=\"row color2-background-color color-2-text-contrast bg-background-color\">\n<div class=\"col-md-5 col-sm-12 col-xs-12 col-lg-5\">\n<h2 class=\"color3-color\"><span style=\"color: #ffcc00;\">Corte de Mango<\/span><\/h2>\n<p class=\"\">Con la canastilla recolectora de mango puedes alcanzar hasta las nubes y hacerlas tuyas. Con la \u00fanica gran diferencia que nuestra fruta tiene sabor a manjar de dioses, t\u00fa eliges que fruto cortar y luego lo disfrutas a tu antojo, siempre guiado por nuestro personal capacitado para poder aclarar tus dudas .<\/p>\n<\/div>\n<div class=\"col-md-7 col-sm-12 col-xs-12 col-lg-7\">\n<div class=\"bg-box\">\n<p class=\"\" style=\"margin-bottom: 25px;\"><img loading=\"lazy\" decoding=\"async\" class=\"bg-img alignnone wp-image-179 \" src=\"https:\/\/www.granjafoster.com\/wp-content\/uploads\/2023\/05\/1_427_300_138.46153846154_IMG_20230202_163128-768x1673.jpg\" alt=\"mangos hanging in treee\" width=\"469\" height=\"216\"><\/p>\n<blockquote class=\"color4-color bg-blockquote\"><p>Sabor al alcance de tu mano<\/p><\/blockquote>\n<\/div>\n<\/div>\n<\/div>\n<div class=\"row color5-background-color color-5-text-contrast bg-background-color\">\n<div class=\"col-md-5 col-sm-12 col-xs-12 col-lg-5\">\n<h2 class=\"color3-color\"><span style=\"color: #ffcc00;\">Visita los Animales<\/span><\/h2>\n<p class=\"\">Aprende de tus amigos los animales de la granja , orde\u00f1a la vaca, la cabra, saborea la deliciosa leche, has tus propios quesos, recoge los huevos que las gallinas van poniendo al ritmo de su quiquiquiqui, vuela junto a las aves y duerme con su cantar que te llenar\u00e1 de paz, salta junto a los juguetones conejos, pesca tu propio pez . Siiiiiii es lo m\u00e1ximo y por las noches deja que las estrellas flotantes iluminen tu camino y no te sorprendas si puedes atraparlas entre tus manos (luci\u00e9rnagas) y a\u00fan hay m\u00e1s \u2026.<\/p>\n<\/div>\n<div class=\"col-md-7 col-sm-12 col-xs-12 col-lg-7\">\n<div class=\"bg-box\">\n<p class=\"\" style=\"margin-bottom: 25px;\"><img loading=\"lazy\" decoding=\"async\" class=\"bg-img alignnone wp-image-187 \" src=\"https:\/\/www.granjafoster.com\/wp-content\/uploads\/2023\/05\/0_595_458_286.99738903394_IMG_20230326_080429-768x1673.jpg\" alt=\"\" width=\"474\" height=\"297\"><\/p>\n<blockquote class=\"color4-color bg-blockquote\"><p>Disfruta con tus amigos \u2026<\/p><\/blockquote>\n<\/div>\n<\/div>\n<\/div>\n<\/div>\n<\/div>\n<div class=\"color3-background-color color-3-text-contrast bg-background-color tmpl-gallery-12 boldgrid-section dynamic-gridblock\">\n<div class=\"container\">\n<div class=\"row\" style=\"padding-top: 42px; padding-bottom: 42px;\">\n<div class=\"col-md-6 col-sm-12 col-xs-12 col-lg-6\">\n<p class=\"\" style=\"margin-top: 25px;\"><img loading=\"lazy\" decoding=\"async\" class=\"bg-img alignnone wp-image-203 size-medium\" src=\"https:\/\/www.granjafoster.com\/wp-content\/uploads\/2023\/05\/174_0_675_470_IMG_20230304_182646-1024x470.jpg\" alt=\"\" width=\"675\" height=\"470\"><\/p>\n<h5 class=\"\" style=\"margin-top: 30px;\">Actividades<\/h5>\n<p class=\"\">Disfruta de nuestras actividades para adultos y ni\u00f1os.&nbsp;<\/p>\n<p class=\"\" style=\"margin-top: 20px;\"><a class=\"btn-color-1 btn btn-rounded btn-3d btn-normal\" href=\"https:\/\/www.granjafoster.com\/es_GT\/reservacions\/\">Reservar<\/a><\/p>\n<p class=\"\">&nbsp;<\/p>\n<\/div>\n<div class=\"col-md-3 col-sm-6 col-xs-6 col-lg-3\">\n<p class=\"\" style=\"margin-top: 25px;\"><img loading=\"lazy\" decoding=\"async\" class=\"bg-img alignnone wp-image-63 size-medium\" src=\"https:\/\/www.granjafoster.com\/wp-content\/uploads\/2022\/07\/efe07a2e-ab45-40b1-a853-96b08d6c6d26-e1684208891714-225x300.png\" alt=\"\" width=\"225\" height=\"300\" srcset=\"https:\/\/www.granjafoster.com\/wp-content\/uploads\/2022\/07\/efe07a2e-ab45-40b1-a853-96b08d6c6d26-e1684208891714-225x300.png 225w, https:\/\/www.granjafoster.com\/wp-content\/uploads\/2022\/07\/efe07a2e-ab45-40b1-a853-96b08d6c6d26-e1684208891714-250x333.png 250w, https:\/\/www.granjafoster.com\/wp-content\/uploads\/2022\/07\/efe07a2e-ab45-40b1-a853-96b08d6c6d26-e1684208891714-135x180.png 135w, https:\/\/www.granjafoster.com\/wp-content\/uploads\/2022\/07\/efe07a2e-ab45-40b1-a853-96b08d6c6d26-e1684208891714-375x500.png 375w, https:\/\/www.granjafoster.com\/wp-content\/uploads\/2022\/07\/efe07a2e-ab45-40b1-a853-96b08d6c6d26-e1684208891714-9x12.png 9w, https:\/\/www.granjafoster.com\/wp-content\/uploads\/2022\/07\/efe07a2e-ab45-40b1-a853-96b08d6c6d26-e1684208891714.png 450w\" sizes=\"auto, (max-width: 225px) 100vw, 225px\" \/><\/p>\n<p class=\"\" style=\"margin-top: 25px;\"><img loading=\"lazy\" decoding=\"async\" class=\"bg-img alignnone wp-image-194 size-medium\" src=\"https:\/\/www.granjafoster.com\/wp-content\/uploads\/2023\/05\/0_314_400_249.36170212766_IMG_20230304_160248-470x1024.jpg\" alt=\"\" width=\"400\" height=\"249\"><\/p>\n<p class=\"\" style=\"margin-top: 25px;\"><img loading=\"lazy\" decoding=\"async\" class=\"bg-img alignnone wp-image-192 size-medium\" src=\"https:\/\/www.granjafoster.com\/wp-content\/uploads\/2023\/05\/IMG_20230403_180451-scaled-e1684209276609-300x138.jpg\" alt=\"\" width=\"300\" height=\"138\" srcset=\"https:\/\/www.granjafoster.com\/wp-content\/uploads\/2023\/05\/IMG_20230403_180451-scaled-e1684209276609-300x138.jpg 300w, https:\/\/www.granjafoster.com\/wp-content\/uploads\/2023\/05\/IMG_20230403_180451-scaled-e1684209276609-18x8.jpg 18w, https:\/\/www.granjafoster.com\/wp-content\/uploads\/2023\/05\/IMG_20230403_180451-scaled-e1684209276609-250x115.jpg 250w, https:\/\/www.granjafoster.com\/wp-content\/uploads\/2023\/05\/IMG_20230403_180451-scaled-e1684209276609-391x180.jpg 391w, https:\/\/www.granjafoster.com\/wp-content\/uploads\/2023\/05\/IMG_20230403_180451-scaled-e1684209276609.jpg 450w\" sizes=\"auto, (max-width: 300px) 100vw, 300px\" \/><\/p>\n<p class=\"\" style=\"margin-top: 25px;\"><img loading=\"lazy\" decoding=\"async\" class=\"bg-img alignnone wp-image-57 size-medium\" src=\"https:\/\/www.granjafoster.com\/wp-content\/uploads\/2022\/07\/e805692a-7a7c-4060-8c7d-c490e61adc0f-e1684209533471-225x300.png\" alt=\"\" width=\"225\" height=\"300\" srcset=\"https:\/\/www.granjafoster.com\/wp-content\/uploads\/2022\/07\/e805692a-7a7c-4060-8c7d-c490e61adc0f-e1684209533471-225x300.png 225w, https:\/\/www.granjafoster.com\/wp-content\/uploads\/2022\/07\/e805692a-7a7c-4060-8c7d-c490e61adc0f-e1684209533471-250x333.png 250w, https:\/\/www.granjafoster.com\/wp-content\/uploads\/2022\/07\/e805692a-7a7c-4060-8c7d-c490e61adc0f-e1684209533471-135x180.png 135w, https:\/\/www.granjafoster.com\/wp-content\/uploads\/2022\/07\/e805692a-7a7c-4060-8c7d-c490e61adc0f-e1684209533471-375x500.png 375w, https:\/\/www.granjafoster.com\/wp-content\/uploads\/2022\/07\/e805692a-7a7c-4060-8c7d-c490e61adc0f-e1684209533471-9x12.png 9w, https:\/\/www.granjafoster.com\/wp-content\/uploads\/2022\/07\/e805692a-7a7c-4060-8c7d-c490e61adc0f-e1684209533471.png 450w\" sizes=\"auto, (max-width: 225px) 100vw, 225px\" \/><\/p>\n<\/div>\n<div class=\"col-md-3 col-sm-6 col-xs-6 col-lg-3\">\n<p class=\"\" style=\"margin-top: 25px;\"><img loading=\"lazy\" decoding=\"async\" class=\"bg-img alignnone wp-image-196 size-medium\" src=\"https:\/\/www.granjafoster.com\/wp-content\/uploads\/2023\/05\/0_377_400_249.8933901919_IMG_20230304_175534-470x1024.jpg\" alt=\"\" width=\"400\" height=\"249\"><\/p>\n<p class=\"\" style=\"margin-top: 25px;\"><img loading=\"lazy\" decoding=\"async\" class=\"bg-img alignnone wp-image-81 size-medium\" src=\"https:\/\/www.granjafoster.com\/wp-content\/uploads\/2022\/07\/0_16_400_250_IMG_20220706_152348_edit_88777015851810-768x513.jpg\" alt=\"\" width=\"400\" height=\"250\"><\/p>\n<p class=\"\" style=\"margin-top: 25px;\"><img loading=\"lazy\" decoding=\"async\" class=\"bg-img alignnone wp-image-183 size-medium\" src=\"https:\/\/www.granjafoster.com\/wp-content\/uploads\/2023\/05\/101_0_400_249.91150442478_IMG_20230318_130313-768x353.jpg\" alt=\"\" width=\"400\" height=\"249\"><\/p>\n<p class=\"\" style=\"margin-top: 25px;\"><img loading=\"lazy\" decoding=\"async\" class=\"bg-img alignnone wp-image-189 size-medium\" src=\"https:\/\/www.granjafoster.com\/wp-content\/uploads\/2023\/05\/101_0_400_249.91150442478_IMG_20230323_094929-768x353.jpg\" alt=\"\" width=\"400\" height=\"249\"><\/p>\n<\/div>\n<\/div>\n<\/div>\n<\/div>\n<div class=\"boldgrid-section\">\n<div class=\"container\">\n<div class=\"row\">\n<div class=\"col-lg-12 col-md-12 col-xs-12 col-sm-12\">\n<p class=\"\">&nbsp;<\/p>\n<\/div>\n<\/div>\n<\/div>\n<\/div>\n","protected":false},"excerpt":{"rendered":"<p>Visita de Dia o Acampar Vis\u00edtanos por una tarde agradable o ven a acampar. Goza de un ambiente \u00fanico: Un ba\u00f1o de vapor en nuestro Temazcal, un masaje, siente lo<\/p>\n<div class=\"read-more\"><a class=\"btn button-primary\" href=\"https:\/\/www.granjafoster.com\/es_GT\/visitar\/\">Read More<\/a><\/div>\n","protected":false},"author":1,"featured_media":0,"parent":0,"menu_order":0,"comment_status":"closed","ping_status":"closed","template":"","meta":{"bgseo_title":"","bgseo_description":"","bgseo_robots_index":"index","bgseo_robots_follow":"follow","footnotes":""},"class_list":["post-134","page","type-page","status-publish"],"jetpack_sharing_enabled":true,"_links":{"self":[{"href":"https:\/\/www.granjafoster.com\/es_GT\/wp-json\/wp\/v2\/pages\/134","targetHints":{"allow":["GET"]}}],"collection":[{"href":"https:\/\/www.granjafoster.com\/es_GT\/wp-json\/wp\/v2\/pages"}],"about":[{"href":"https:\/\/www.granjafoster.com\/es_GT\/wp-json\/wp\/v2\/types\/page"}],"author":[{"embeddable":true,"href":"https:\/\/www.granjafoster.com\/es_GT\/wp-json\/wp\/v2\/users\/1"}],"replies":[{"embeddable":true,"href":"https:\/\/www.granjafoster.com\/es_GT\/wp-json\/wp\/v2\/comments?post=134"}],"version-history":[{"count":10,"href":"https:\/\/www.granjafoster.com\/es_GT\/wp-json\/wp\/v2\/pages\/134\/revisions"}],"predecessor-version":[{"id":361,"href":"https:\/\/www.granjafoster.com\/es_GT\/wp-json\/wp\/v2\/pages\/134\/revisions\/361"}],"wp:attachment":[{"href":"https:\/\/www.granjafoster.com\/es_GT\/wp-json\/wp\/v2\/media?parent=134"}],"curies":[{"name":"wp","href":"https:\/\/api.w.org\/{rel}","templated":true}]}}